{"id":6166,"date":"2020-05-11T12:05:11","date_gmt":"2020-05-11T09:05:11","guid":{"rendered":"https:\/\/silman-ee.vserver.zonevs.eu\/trademarks\/tehomet\/"},"modified":"2021-03-12T14:20:08","modified_gmt":"2021-03-12T12:20:08","slug":"tehomet","status":"publish","type":"trademarks","link":"https:\/\/www.silman.ee\/lv\/precu-zimes\/tehomet\/","title":{"rendered":"Tehomet"},"content":{"rendered":"<div id=\"acf-block-block_5ff86fa3b5517\" class=\"acf-block-element block-gallery\">\n<div class=\"gallery\"><div class=\"gallery-item\"><a href=\"https:\/\/www.silman.ee\/wp-content\/uploads\/2020\/08\/tanavavalgustipostid-tehomet-1-e1751281278432.jpg\"><img decoding=\"async\" src=\"https:\/\/www.silman.ee\/wp-content\/uploads\/2020\/08\/tanavavalgustipostid-tehomet-1-266x177.jpg\" alt=\"\" \/><\/a><\/div><div class=\"gallery-item\"><a href=\"https:\/\/www.silman.ee\/wp-content\/uploads\/2020\/08\/tanavavalgustipostid-tehomet-3.jpg\"><img decoding=\"async\" src=\"https:\/\/www.silman.ee\/wp-content\/uploads\/2020\/08\/tanavavalgustipostid-tehomet-3-266x177.jpg\" alt=\"\" \/><\/a><\/div><div class=\"gallery-item\"><a href=\"https:\/\/www.silman.ee\/wp-content\/uploads\/2020\/08\/tanavavalgustipostid-tehomet-2.jpg\"><img decoding=\"async\" src=\"https:\/\/www.silman.ee\/wp-content\/uploads\/2020\/08\/tanavavalgustipostid-tehomet-2-266x177.jpg\" alt=\"\" \/><\/a><\/div><\/div><\/div>\n\n\n<p class=\"wp-el\">Kad Pentti un Airi Ursini 1979. gad\u0101 dibin\u0101ja uz\u0146\u0113mumu <em>Tehomet Ky<\/em>, vi\u0146i nevar\u0113ja iedom\u0101ties, ka \u010detrdesmit gadus v\u0113l\u0101k uz\u0146\u0113mums, kur\u0161 darb\u012bbu uzs\u0101ka ar ve\u013casma\u0161\u012bnu ra\u017eo\u0161anu, b\u016bs liel\u0101kais \u0101ra apgaismojuma ra\u017eot\u0101js Zieme\u013cvalst\u012bs. S\u0101kotn\u0113jais dibin\u0101t\u0101ju pl\u0101ns bija ra\u017eot ve\u013casma\u0161\u012bnas uz\u0146\u0113mumam \u201cUpo\u201d, k\u0101 ar\u012b vair\u0101kiem citiem sadz\u012bves ier\u012b\u010du z\u012bmoliem.<\/p>\n\n\n<div id=\"acf-block-block_5eb915350485d\" class=\"acf-block-element block-patternbox alignright\">\r\n    <div class=\"pattern-box text-center\">\r\n        <div class=\"box-editor\"><p class=\"font24\">produktu sortimentu var iepaz\u012bties ra\u017eot\u0101ja m\u0101jas lap\u0101<\/p><a href=\"http:\/\/www.tehomet.com\/index.php\/en\/\" class=\"btn btn-primary\" target=\"_blank\">DOTIES UZ RA\u017dOT\u0100JA M\u0100JASLAPU<svg width=\"25\" height=\"16\" viewBox=\"0 0 25 16\" fill=\"none\" xmlns=\"http:\/\/www.w3.org\/2000\/svg\"><path fill-rule=\"evenodd\" clip-rule=\"evenodd\" d=\"M22.2929 8.5H1.5V7.5H22.2929L16.1464 1.35359L16.8536 0.646484L23.8536 7.64648L24.2071 8.00004L23.8536 8.35359L16.8536 15.3536L16.1464 14.6465L22.2929 8.5Z\" fill=\"#fff\"><\/path><\/svg><\/a><\/div>    <\/div>\r\n<\/div>\n\n\n<p class=\"wp-el\">Tom\u0113r \u0161is pl\u0101ns neizr\u0101d\u012bj\u0101s pietiekami ienes\u012bgs, t\u0101p\u0113c bija j\u0101atrod ra\u017eo\u0161anas iek\u0101rt\u0101m daudz rentabl\u0101ka nodarbe. Produktu kl\u0101sts pieauga \u0101tri &#8211; tika uzs\u0101kta virtuves dzes\u0113t\u0101ju un citu lok\u0161\u0146u met\u0101la produktu, piem\u0113ram, sniega l\u0101pstu un pastkast\u012b\u0161u ra\u017eo\u0161ana.<\/p>\n\n\n\n<p class=\"wp-el\">Pirmie apgaismojuma stabi tapa 1980. gad\u0101. Tad tika \u0101tri p\u0101rtraukta ve\u013casma\u0161\u012bnu un dzes\u0113t\u0101ju ra\u017eo\u0161ana un darb\u012bba tika turpin\u0101ta ar sadales k\u0101rbu un dro\u0161in\u0101t\u0101ju skapju ra\u017eo\u0161anu.<\/p>\n\n\n\n<p class=\"wp-el\">\u0160aj\u0101 laik\u0101 ar\u012b tika piev\u0113rsta liel\u0101ka uzman\u012bba \u0101ra apgaismojuma stabu un konso\u013cu izstr\u0101dei un ra\u017eo\u0161anai. Neskatoties uz ekonomisko kr\u012bzi 1990. gados, ielas apgaismojuma stabu ra\u017eo\u0161anas apjoms strauji pieauga. Cita starp\u0101 izaugsmi atbalst\u012bja ar\u012b Somijas ce\u013cu satiksmes p\u0101rvaldes <em>Finnra<\/em> ambiciozie ce\u013cu izgaismo\u0161anas projekti.<\/p>\n\n\n\n<p class=\"wp-el\">2007.gada decembr\u012b<em> Tehomet<\/em> p\u0101r\u0146\u0113ma Somij\u0101, Keitel\u0113 eso\u0161o uz\u0146\u0113mumu \u201cLuxiwood Oy\u201d un papla\u0161in\u0101ja savu produktu kl\u0101stu ar piel\u0101gotiem koka apgaismojuma stabiem. Tas \u013c\u0101va uz\u0146\u0113mumam <em>Tehomet<\/em> k\u013c\u016bt par liel\u0101ko met\u0101la un koka apgaismojuma stabu ra\u017eot\u0101ju Somij\u0101 un Zieme\u013cvalst\u012bs.<\/p>\n\n\n\n<p class=\"wp-el\"><em>Tehomet<\/em> koka stabi ir gatavoti no dabiska materi\u0101la, tie ir videi draudz\u012bgi, un uz\u0146\u0113mums pied\u0101v\u0101 aizraujo\u0161as iesp\u0113ju izveidot tiem dekorat\u012bvu apdari.<\/p>\n\n\n\n<p class=\"wp-el\">2019. gada ruden\u012b <em>Tehomet<\/em> aprit\u0113ja 40 gadu jubileja. Uz\u0146\u0113mumam ir tr\u012bs ra\u017eotnes, kas atrodas Kangasniemi, Parikal\u0101 un K\u012bu (Igaunij\u0101). <em>Tehomet<\/em> apgaismojuma stabi tiek p\u0101rdoti Somij\u0101, un tie tiek eksport\u0113ti uz visu Eiropu, bet ar m\u0101tesuz\u0146\u0113muma \u201cValmont Industries\u201d t\u012bkla starpniec\u012bbu &#8211; ar\u012b uz cit\u0101m pasaules valst\u012bm. &#8220;Silmani Elekter\u201d AS sadarbojas ar <em>Tehomet<\/em> galvenok\u0101rt koka stabu jom\u0101 saist\u012bb\u0101 ar projektiem, kuros l\u012bdz\u0101s \u0101ra apgaismojuma est\u0113tiskajam izskatam ir svar\u012bgi, lai apgaismojuma stabs uzsv\u0113rtu arhitektonisko kopskatu. Tam, vai tiek izmantoti parasti cinkoti stabi un soli, vai ar\u012b ar dabu sapl\u016bsto\u0161i dab\u012bg\u0101 koka apgaismojuma stabi, ir \u012bpa\u0161i liela at\u0161\u0137ir\u012bba publiskajos parkos un pils\u0113tvid\u0113.<\/p>\n","protected":false},"author":4,"template":"","class_list":["post-6166","trademarks","type-trademarks","status-publish","hentry"],"acf":[],"yoast_head":"<!-- This site is optimized with the Yoast SEO plugin v27.2 - https:\/\/yoast.com\/product\/yoast-seo-wordpress\/ -->\n<title>Tehomet - Silman<\/title>\n<meta name=\"robots\" content=\"index, follow, max-snippet:-1, max-image-preview:large, max-video-preview:-1\" \/>\n<link rel=\"canonical\" href=\"https:\/\/www.silman.ee\/lv\/pre\u010du-z\u012bmes\/tehomet\/\" \/>\n<meta property=\"og:locale\" content=\"lv_LV\" \/>\n<meta property=\"og:type\" content=\"article\" \/>\n<meta property=\"og:title\" content=\"Tehomet - Silman\" \/>\n<meta property=\"og:description\" content=\"Kad Pentti un Airi Ursini 1979. gad\u0101 dibin\u0101ja uz\u0146\u0113mumu Tehomet Ky, vi\u0146i nevar\u0113ja iedom\u0101ties, ka \u010detrdesmit gadus v\u0113l\u0101k uz\u0146\u0113mums, kur\u0161...\" \/>\n<meta property=\"og:url\" content=\"https:\/\/www.silman.ee\/lv\/pre\u010du-z\u012bmes\/tehomet\/\" \/>\n<meta property=\"og:site_name\" content=\"Silman\" \/>\n<meta property=\"article:modified_time\" content=\"2021-03-12T12:20:08+00:00\" \/>\n<meta name=\"twitter:card\" content=\"summary_large_image\" \/>\n<meta name=\"twitter:label1\" content=\"Est. reading time\" \/>\n\t<meta name=\"twitter:data1\" content=\"2 minutes\" \/>\n<script type=\"application\/ld+json\" class=\"yoast-schema-graph\">{\"@context\":\"https:\/\/schema.org\",\"@graph\":[{\"@type\":\"WebPage\",\"@id\":\"https:\/\/www.silman.ee\/lv\/pre\u010du-z\u012bmes\/tehomet\/\",\"url\":\"https:\/\/www.silman.ee\/lv\/pre\u010du-z\u012bmes\/tehomet\/\",\"name\":\"Tehomet - Silman\",\"isPartOf\":{\"@id\":\"https:\/\/www.silman.ee\/#website\"},\"datePublished\":\"2020-05-11T09:05:11+00:00\",\"dateModified\":\"2021-03-12T12:20:08+00:00\",\"breadcrumb\":{\"@id\":\"https:\/\/www.silman.ee\/lv\/pre\u010du-z\u012bmes\/tehomet\/#breadcrumb\"},\"inLanguage\":\"lv-LV\",\"potentialAction\":[{\"@type\":\"ReadAction\",\"target\":[\"https:\/\/www.silman.ee\/lv\/pre\u010du-z\u012bmes\/tehomet\/\"]}]},{\"@type\":\"BreadcrumbList\",\"@id\":\"https:\/\/www.silman.ee\/lv\/pre\u010du-z\u012bmes\/tehomet\/#breadcrumb\",\"itemListElement\":[{\"@type\":\"ListItem\",\"position\":1,\"name\":\"Home\",\"item\":\"https:\/\/www.silman.ee\/lv\/\"},{\"@type\":\"ListItem\",\"position\":2,\"name\":\"Kaubam\u00e4rgid\",\"item\":\"https:\/\/www.silman.ee\/kaubamargid\/\"},{\"@type\":\"ListItem\",\"position\":3,\"name\":\"Tehomet\"}]},{\"@type\":\"WebSite\",\"@id\":\"https:\/\/www.silman.ee\/#website\",\"url\":\"https:\/\/www.silman.ee\/\",\"name\":\"Silman\",\"description\":\"valgustid ja elektriinstallatsioonimaterjalid\",\"publisher\":{\"@id\":\"https:\/\/www.silman.ee\/#organization\"},\"potentialAction\":[{\"@type\":\"SearchAction\",\"target\":{\"@type\":\"EntryPoint\",\"urlTemplate\":\"https:\/\/www.silman.ee\/?s={search_term_string}\"},\"query-input\":{\"@type\":\"PropertyValueSpecification\",\"valueRequired\":true,\"valueName\":\"search_term_string\"}}],\"inLanguage\":\"lv-LV\"},{\"@type\":\"Organization\",\"@id\":\"https:\/\/www.silman.ee\/#organization\",\"name\":\"Silman\",\"url\":\"https:\/\/www.silman.ee\/\",\"logo\":{\"@type\":\"ImageObject\",\"inLanguage\":\"lv-LV\",\"@id\":\"https:\/\/www.silman.ee\/#\/schema\/logo\/image\/\",\"url\":\"https:\/\/www.silman.ee\/wp-content\/uploads\/2025\/07\/LinkedIn-Icon-Black-Logo.wine_.svg\",\"contentUrl\":\"https:\/\/www.silman.ee\/wp-content\/uploads\/2025\/07\/LinkedIn-Icon-Black-Logo.wine_.svg\",\"width\":1200,\"height\":800,\"caption\":\"Silman\"},\"image\":{\"@id\":\"https:\/\/www.silman.ee\/#\/schema\/logo\/image\/\"}}]}<\/script>\n<!-- \/ Yoast SEO plugin. -->","yoast_head_json":{"title":"Tehomet - Silman","robots":{"index":"index","follow":"follow","max-snippet":"max-snippet:-1","max-image-preview":"max-image-preview:large","max-video-preview":"max-video-preview:-1"},"canonical":"https:\/\/www.silman.ee\/lv\/pre\u010du-z\u012bmes\/tehomet\/","og_locale":"lv_LV","og_type":"article","og_title":"Tehomet - Silman","og_description":"Kad Pentti un Airi Ursini 1979. gad\u0101 dibin\u0101ja uz\u0146\u0113mumu Tehomet Ky, vi\u0146i nevar\u0113ja iedom\u0101ties, ka \u010detrdesmit gadus v\u0113l\u0101k uz\u0146\u0113mums, kur\u0161...","og_url":"https:\/\/www.silman.ee\/lv\/pre\u010du-z\u012bmes\/tehomet\/","og_site_name":"Silman","article_modified_time":"2021-03-12T12:20:08+00:00","twitter_card":"summary_large_image","twitter_misc":{"Est. reading time":"2 minutes"},"schema":{"@context":"https:\/\/schema.org","@graph":[{"@type":"WebPage","@id":"https:\/\/www.silman.ee\/lv\/pre\u010du-z\u012bmes\/tehomet\/","url":"https:\/\/www.silman.ee\/lv\/pre\u010du-z\u012bmes\/tehomet\/","name":"Tehomet - Silman","isPartOf":{"@id":"https:\/\/www.silman.ee\/#website"},"datePublished":"2020-05-11T09:05:11+00:00","dateModified":"2021-03-12T12:20:08+00:00","breadcrumb":{"@id":"https:\/\/www.silman.ee\/lv\/pre\u010du-z\u012bmes\/tehomet\/#breadcrumb"},"inLanguage":"lv-LV","potentialAction":[{"@type":"ReadAction","target":["https:\/\/www.silman.ee\/lv\/pre\u010du-z\u012bmes\/tehomet\/"]}]},{"@type":"BreadcrumbList","@id":"https:\/\/www.silman.ee\/lv\/pre\u010du-z\u012bmes\/tehomet\/#breadcrumb","itemListElement":[{"@type":"ListItem","position":1,"name":"Home","item":"https:\/\/www.silman.ee\/lv\/"},{"@type":"ListItem","position":2,"name":"Kaubam\u00e4rgid","item":"https:\/\/www.silman.ee\/kaubamargid\/"},{"@type":"ListItem","position":3,"name":"Tehomet"}]},{"@type":"WebSite","@id":"https:\/\/www.silman.ee\/#website","url":"https:\/\/www.silman.ee\/","name":"Silman","description":"valgustid ja elektriinstallatsioonimaterjalid","publisher":{"@id":"https:\/\/www.silman.ee\/#organization"},"potentialAction":[{"@type":"SearchAction","target":{"@type":"EntryPoint","urlTemplate":"https:\/\/www.silman.ee\/?s={search_term_string}"},"query-input":{"@type":"PropertyValueSpecification","valueRequired":true,"valueName":"search_term_string"}}],"inLanguage":"lv-LV"},{"@type":"Organization","@id":"https:\/\/www.silman.ee\/#organization","name":"Silman","url":"https:\/\/www.silman.ee\/","logo":{"@type":"ImageObject","inLanguage":"lv-LV","@id":"https:\/\/www.silman.ee\/#\/schema\/logo\/image\/","url":"https:\/\/www.silman.ee\/wp-content\/uploads\/2025\/07\/LinkedIn-Icon-Black-Logo.wine_.svg","contentUrl":"https:\/\/www.silman.ee\/wp-content\/uploads\/2025\/07\/LinkedIn-Icon-Black-Logo.wine_.svg","width":1200,"height":800,"caption":"Silman"},"image":{"@id":"https:\/\/www.silman.ee\/#\/schema\/logo\/image\/"}}]}},"featured_img":false,"coauthors":[],"author_meta":{"author_link":"https:\/\/www.silman.ee\/lv\/author\/kaire\/","display_name":"kaire"},"relative_dates":{"created":"Posted 6 years ago","modified":"Updated 5 years ago"},"absolute_dates":{"created":"Posted on 11. May 2020","modified":"Updated on 12. Mar 2021"},"absolute_dates_time":{"created":"Posted on 11. May 2020 12:05","modified":"Updated on 12. Mar 2021 02:20"},"featured_img_caption":"","tax_additional":{"translation_priority":{"linked":["<a href=\"https:\/\/www.silman.ee\/lv\/?taxonomy=translation_priority&#038;term=optional-lv\" class=\"advgb-post-tax-term\">Optional<\/a>"],"unlinked":["<span class=\"advgb-post-tax-term\">Optional<\/span>"],"slug":"translation_priority","name":"Translation Priorities"}},"series_order":"","_links":{"self":[{"href":"https:\/\/www.silman.ee\/lv\/wp-json\/wp\/v2\/trademarks\/6166","targetHints":{"allow":["GET"]}}],"collection":[{"href":"https:\/\/www.silman.ee\/lv\/wp-json\/wp\/v2\/trademarks"}],"about":[{"href":"https:\/\/www.silman.ee\/lv\/wp-json\/wp\/v2\/types\/trademarks"}],"wp:attachment":[{"href":"https:\/\/www.silman.ee\/lv\/wp-json\/wp\/v2\/media?parent=6166"}],"curies":[{"name":"wp","href":"https:\/\/api.w.org\/{rel}","templated":true}]}}